{"id":467,"date":"2024-04-09T11:57:17","date_gmt":"2024-04-09T09:57:17","guid":{"rendered":"https:\/\/demkohome.pl\/produkt\/szafka-kuchenna-dolna-z-szuflada-40-cm-dalia-biala\/"},"modified":"2026-05-02T09:17:02","modified_gmt":"2026-05-02T07:17:02","slug":"szafka-kuchenna-dolna-z-szuflada-40-cm-dalia-biala","status":"publish","type":"product","link":"https:\/\/demkohome.pl\/en\/product\/szafka-kuchenna-dolna-z-szuflada-40-cm-dalia-biala\/","title":{"rendered":"Standing kitchen cabinet 40 cm with drawer Dalia"},"content":{"rendered":"<section class=\"text-token-text-primary w-full focus:outline-none [--shadow-height:45px] has-data-writing-block:pointer-events-none has-data-writing-block:-mt-(--shadow-height) has-data-writing-block:pt-(--shadow-height) [&amp;:has([data-writing-block])&gt;*]:pointer-events-auto R6Vx5W_threadScrollVars scroll-mb-[calc(var(--scroll-root-safe-area-inset-bottom,0px)+var(--thread-response-height))] scroll-mt-(--header-height)\" dir=\"auto\" data-turn-id=\"e6d78d2a-dff4-4220-b85c-6076b3f6a8b7\" data-testid=\"conversation-turn-5\" data-scroll-anchor=\"false\" data-turn=\"user\"><\/section>\n<section class=\"text-token-text-primary w-full focus:outline-none [--shadow-height:45px] has-data-writing-block:pointer-events-none has-data-writing-block:-mt-(--shadow-height) has-data-writing-block:pt-(--shadow-height) [&amp;:has([data-writing-block])&gt;*]:pointer-events-auto [content-visibility:auto] supports-[content-visibility:auto]:[contain-intrinsic-size:auto_100lvh] R6Vx5W_threadScrollVars scroll-mb-[calc(var(--scroll-root-safe-area-inset-bottom,0px)+var(--thread-response-height))] scroll-mt-[calc(var(--header-height)+min(200px,max(70px,20svh)))]\" dir=\"auto\" data-turn-id=\"request-WEB:f1b17632-5643-4c76-ad5e-04e8d78ee193-2\" data-testid=\"conversation-turn-6\" data-scroll-anchor=\"false\" data-turn=\"assistant\">\n<div class=\"text-base my-auto mx-auto pb-10 [--thread-content-margin:var(--thread-content-margin-xs,calc(var(--spacing)*4))] @w-sm\/main:[--thread-content-margin:var(--thread-content-margin-sm,calc(var(--spacing)*6))] @w-lg\/main:[--thread-content-margin:var(--thread-content-margin-lg,calc(var(--spacing)*16))] px-(--thread-content-margin)\">\n<div class=\"[--thread-content-max-width:40rem] @w-lg\/main:[--thread-content-max-width:48rem] mx-auto max-w-(--thread-content-max-width) flex-1 group\/turn-messages focus-visible:outline-hidden relative flex w-full min-w-0 flex-col agent-turn\">\n<div class=\"flex max-w-full flex-col gap-4 grow\">\n<div class=\"min-h-8 text-message relative flex w-full flex-col items-end gap-2 text-start break-words whitespace-normal outline-none keyboard-focused:focus-ring [.text-message+&amp;]:mt-1\" dir=\"auto\" tabindex=\"0\" data-message-author-role=\"assistant\" data-message-id=\"5b3d8899-4be1-4055-ac1c-419b8bfa917d\" data-message-model-slug=\"gpt-5-3\" data-turn-start-message=\"true\">\n<div class=\"flex w-full flex-col gap-1 empty:hidden\">\n<div class=\"markdown prose dark:prose-invert w-full wrap-break-word light markdown-new-styling\">\n<h3 data-start=\"0\" data-end=\"139\">Szafka kuchenna 40 cm z szuflad\u0105 i frontami w wysokim po\u0142ysku to praktyczne rozwi\u0105zanie, kt\u00f3re \u0142\u0105czy funkcjonalno\u015b\u0107 z nowoczesnym wygl\u0105dem.<\/h3>\n<p data-start=\"141\" data-end=\"472\">Szafka zosta\u0142a zaprojektowana z my\u015bl\u0105 o wygodnej organizacji przestrzeni. Wyposa\u017cona w pojemn\u0105 szuflad\u0119 oraz cz\u0119\u015b\u0107 zamykan\u0105, umo\u017cliwia przechowywanie zar\u00f3wno drobnych akcesori\u00f3w, jak i wi\u0119kszych element\u00f3w wyposa\u017cenia kuchni. To idealne miejsce na sztu\u0107ce, przybory kuchenne, a tak\u017ce garnki, produkty spo\u017cywcze czy \u015brodki czysto\u015bci.<\/p>\n<p data-start=\"474\" data-end=\"500\">Funkcjonalno\u015b\u0107 na co dzie\u0144<\/p>\n<p data-start=\"502\" data-end=\"749\">Szuflada zapewnia szybki i \u0142atwy dost\u0119p do najcz\u0119\u015bciej u\u017cywanych przedmiot\u00f3w, natomiast dolna cz\u0119\u015b\u0107 szafki pozwala na uporz\u0105dkowanie wi\u0119kszych rzeczy. Takie rozwi\u0105zanie u\u0142atwia utrzymanie porz\u0105dku i zwi\u0119ksza komfort codziennego u\u017cytkowania kuchni.<\/p>\n<p data-start=\"751\" data-end=\"786\">Uniwersalny wymiar do ka\u017cdej kuchni<\/p>\n<p data-start=\"788\" data-end=\"1039\">Szafka ta\u00a0 doskonale sprawdzi si\u0119 zar\u00f3wno jako pojedynczy modu\u0142, jak i element wi\u0119kszej zabudowy kuchennej. Jej uniwersalny rozmiar pozwala na \u0142atwe dopasowanie do r\u00f3\u017cnych aran\u017cacji \u2013 od ma\u0142ych kuchni po przestronne wn\u0119trza.<\/p>\n<p data-start=\"1041\" data-end=\"1073\">Nowoczesny design kolekcji Dalia<\/p>\n<p data-start=\"1075\" data-end=\"1254\">Fronty w wysokim po\u0142ysku nadaj\u0105 szafce elegancki i nowoczesny charakter. B\u0142yszcz\u0105ca powierzchnia odbija \u015bwiat\u0142o, dzi\u0119ki czemu wn\u0119trze wydaje si\u0119 ja\u015bniejsze i bardziej przestronne.<\/p>\n<p data-start=\"1256\" data-end=\"1432\">Prosta forma i minimalistyczne wyko\u0144czenie sprawiaj\u0105, \u017ce mebel \u015bwietnie komponuje si\u0119 z wieloma stylami \u2013 <strong>od nowoczesnego i minimalistycznego, po bardziej eleganckie aran\u017cacje.<\/strong><\/p>\n<p data-start=\"1434\" data-end=\"1496\" data-is-last-node=\"\" data-is-only-node=\"\"><strong>Dalia \u2013 funkcjonalno\u015b\u0107, kt\u00f3ra dopasowuje si\u0119 do Twojej kuchni.<\/strong><\/p>\n<p><img loading=\"lazy\" decoding=\"async\" class=\"alignnone wp-image-136372 size-full\" src=\"https:\/\/demkohome.pl\/wp-content\/uploads\/2025\/08\/DALIA-aranzacja-zestaw.jpg\" alt=\"\" width=\"2560\" height=\"1707\" srcset=\"https:\/\/demkohome.pl\/wp-content\/uploads\/2025\/08\/DALIA-aranzacja-zestaw.jpg 2560w, https:\/\/demkohome.pl\/wp-content\/uploads\/2025\/08\/DALIA-aranzacja-zestaw-300x200.jpg 300w, https:\/\/demkohome.pl\/wp-content\/uploads\/2025\/08\/DALIA-aranzacja-zestaw-1024x683.jpg 1024w, https:\/\/demkohome.pl\/wp-content\/uploads\/2025\/08\/DALIA-aranzacja-zestaw-768x512.jpg 768w, https:\/\/demkohome.pl\/wp-content\/uploads\/2025\/08\/DALIA-aranzacja-zestaw-1536x1024.jpg 1536w, https:\/\/demkohome.pl\/wp-content\/uploads\/2025\/08\/DALIA-aranzacja-zestaw-2048x1366.jpg 2048w, https:\/\/demkohome.pl\/wp-content\/uploads\/2025\/08\/DALIA-aranzacja-zestaw-18x12.jpg 18w, https:\/\/demkohome.pl\/wp-content\/uploads\/2025\/08\/DALIA-aranzacja-zestaw-600x400.jpg 600w\" sizes=\"auto, (max-width: 2560px) 100vw, 2560px\" \/><\/p>\n<p>&nbsp;<\/p>\n<h4 data-start=\"680\" data-end=\"734\"><span style=\"color: #000000;\">Wymiary produktu:<\/span><\/h4>\n<table class=\"o-product-features\" role=\"presentation\">\n<tbody>\n<tr class=\"m-product-attr-row\">\n<th class=\"m-product-attr-row__name\" scope=\"row\">\n<h6>Produkt po z\u0142o\u017ceniu: szeroko\u015b\u0107 (w cm)<\/h6>\n<\/th>\n<td class=\"m-product-attr-row__value\">\n<h6>40<\/h6>\n<\/td>\n<\/tr>\n<tr class=\"m-product-attr-row\">\n<th class=\"m-product-attr-row__name\" scope=\"row\">\n<h6>Produkt po z\u0142o\u017ceniu: g\u0142\u0119boko\u015b\u0107 (w cm)<\/h6>\n<\/th>\n<td class=\"m-product-attr-row__value\">\n<h6>56<\/h6>\n<\/td>\n<\/tr>\n<tr class=\"m-product-attr-row\">\n<th class=\"m-product-attr-row__name\" scope=\"row\">\n<h6>Produkt po z\u0142o\u017ceniu: wysoko\u015b\u0107 (w cm)<\/h6>\n<\/th>\n<td class=\"m-product-attr-row__value\">\n<h6>86,6<\/h6>\n<\/td>\n<\/tr>\n<tr class=\"m-product-attr-row\">\n<th class=\"m-product-attr-row__name\" scope=\"row\">\n<h6>Produkt w opakowaniu: waga (w kg)<\/h6>\n<\/th>\n<td class=\"m-product-attr-row__value\">\n<h6>25,5<\/h6>\n<\/td>\n<\/tr>\n<\/tbody>\n<\/table>\n<p><img loading=\"lazy\" decoding=\"async\" class=\"alignleft wp-image-756764\" src=\"https:\/\/demkohome.pl\/wp-content\/uploads\/2024\/04\/dalia-zwykle-szafki-5-300x300.png\" alt=\"\" width=\"610\" height=\"610\" srcset=\"https:\/\/demkohome.pl\/wp-content\/uploads\/2024\/04\/dalia-zwykle-szafki-5-300x300.png 300w, https:\/\/demkohome.pl\/wp-content\/uploads\/2024\/04\/dalia-zwykle-szafki-5-1024x1024.png 1024w, https:\/\/demkohome.pl\/wp-content\/uploads\/2024\/04\/dalia-zwykle-szafki-5-150x150.png 150w, https:\/\/demkohome.pl\/wp-content\/uploads\/2024\/04\/dalia-zwykle-szafki-5-768x768.png 768w, https:\/\/demkohome.pl\/wp-content\/uploads\/2024\/04\/dalia-zwykle-szafki-5-1536x1536.png 1536w, https:\/\/demkohome.pl\/wp-content\/uploads\/2024\/04\/dalia-zwykle-szafki-5-12x12.png 12w, https:\/\/demkohome.pl\/wp-content\/uploads\/2024\/04\/dalia-zwykle-szafki-5-600x600.png 600w, https:\/\/demkohome.pl\/wp-content\/uploads\/2024\/04\/dalia-zwykle-szafki-5-100x100.png 100w, https:\/\/demkohome.pl\/wp-content\/uploads\/2024\/04\/dalia-zwykle-szafki-5.png 2048w\" sizes=\"auto, (max-width: 610px) 100vw, 610px\" \/><\/p>\n<p data-start=\"1434\" data-end=\"1496\" data-is-last-node=\"\" data-is-only-node=\"\"><strong>\u00a0<\/strong><\/p>\n<\/div>\n<\/div>\n<\/div>\n<\/div>\n<\/div>\n<\/div>\n<\/section>\n","protected":false},"excerpt":{"rendered":"<p>Szafka kuchenna 40 cm z szuflad\u0105 i frontami w wysokim po\u0142ysku to praktyczne rozwi\u0105zanie, kt\u00f3re \u0142\u0105czy funkcjonalno\u015b\u0107 z nowoczesnym wygl\u0105dem. (&#8230;)<\/p>","protected":false},"featured_media":10213,"comment_status":"open","ping_status":"closed","template":"","meta":{"_acf_changed":false,"inline_featured_image":false},"product_brand":[],"product_cat":[119,302,140,65,137,139,106,107],"product_tag":[],"class_list":{"0":"post-467","1":"product","2":"type-product","3":"status-publish","4":"has-post-thumbnail","6":"product_cat-dalia","7":"product_cat-kuchnia-pomieszczenia","8":"product_cat-kuchnia","9":"product_cat-meble-kuchenne","10":"product_cat-meble-systemowe","11":"product_cat-pomieszczenia","12":"product_cat-szafki-kuchenne","13":"product_cat-szafki-kuchenne-stojace","14":"product_shipping_class-przesylka-dpd-15-pln","15":"collection-dalia","17":"first","18":"instock","19":"shipping-taxable","20":"purchasable","21":"product-type-simple"},"acf":[],"yoast_head":"<!-- This site is optimized with the Yoast SEO plugin v27.4 - https:\/\/yoast.com\/product\/yoast-seo-wordpress\/ -->\n<title>Szafka kuchenna stoj\u0105ca 40 cm z szuflad\u0105 Dalia - Demko Home<\/title>\n<meta name=\"robots\" content=\"index, follow, max-snippet:-1, max-image-preview:large, max-video-preview:-1\" \/>\n<link rel=\"canonical\" href=\"https:\/\/demkohome.pl\/en\/product\/szafka-kuchenna-dolna-z-szuflada-40-cm-dalia-biala\/\" \/>\n<meta property=\"og:locale\" content=\"en_US\" \/>\n<meta property=\"og:type\" content=\"article\" \/>\n<meta property=\"og:title\" content=\"Szafka kuchenna stoj\u0105ca 40 cm z szuflad\u0105 Dalia - Demko Home\" \/>\n<meta property=\"og:description\" content=\"Szafka kuchenna 40 cm z szuflad\u0105 i frontami w wysokim po\u0142ysku to praktyczne rozwi\u0105zanie, kt\u00f3re \u0142\u0105czy funkcjonalno\u015b\u0107 z nowoczesnym wygl\u0105dem. (...)\" \/>\n<meta property=\"og:url\" content=\"https:\/\/demkohome.pl\/en\/product\/szafka-kuchenna-dolna-z-szuflada-40-cm-dalia-biala\/\" \/>\n<meta property=\"og:site_name\" content=\"Demko Home\" \/>\n<meta property=\"article:modified_time\" content=\"2026-05-02T07:17:02+00:00\" \/>\n<meta property=\"og:image\" content=\"https:\/\/demkohome.pl\/wp-content\/uploads\/2023\/08\/Szafka-kuchenna-stojaca-40-cm-z-szuflada-i-drzwiczkami-Dalia-bialy-front-szary-korpus-szafka-dol-otwarta-Meble-Okmed-Demko.jpg\" \/>\n\t<meta property=\"og:image:width\" content=\"1024\" \/>\n\t<meta property=\"og:image:height\" content=\"1024\" \/>\n\t<meta property=\"og:image:type\" content=\"image\/jpeg\" \/>\n<meta name=\"twitter:card\" content=\"summary_large_image\" \/>\n<meta name=\"twitter:label1\" content=\"Est. reading time\" \/>\n\t<meta name=\"twitter:data1\" content=\"3 minutes\" \/>\n<script type=\"application\/ld+json\" class=\"yoast-schema-graph\">{\"@context\":\"https:\\\/\\\/schema.org\",\"@graph\":[{\"@type\":\"WebPage\",\"@id\":\"https:\\\/\\\/demkohome.pl\\\/produkt\\\/szafka-kuchenna-dolna-z-szuflada-40-cm-dalia-biala\\\/\",\"url\":\"https:\\\/\\\/demkohome.pl\\\/produkt\\\/szafka-kuchenna-dolna-z-szuflada-40-cm-dalia-biala\\\/\",\"name\":\"Szafka kuchenna stoj\u0105ca 40 cm z szuflad\u0105 Dalia - Demko Home\",\"isPartOf\":{\"@id\":\"https:\\\/\\\/demkohome.pl\\\/#website\"},\"primaryImageOfPage\":{\"@id\":\"https:\\\/\\\/demkohome.pl\\\/produkt\\\/szafka-kuchenna-dolna-z-szuflada-40-cm-dalia-biala\\\/#primaryimage\"},\"image\":{\"@id\":\"https:\\\/\\\/demkohome.pl\\\/produkt\\\/szafka-kuchenna-dolna-z-szuflada-40-cm-dalia-biala\\\/#primaryimage\"},\"thumbnailUrl\":\"https:\\\/\\\/demkohome.pl\\\/wp-content\\\/uploads\\\/2023\\\/08\\\/Szafka-kuchenna-stojaca-40-cm-z-szuflada-i-drzwiczkami-Dalia-bialy-front-szary-korpus-szafka-dol-otwarta-Meble-Okmed-Demko.jpg\",\"datePublished\":\"2024-04-09T09:57:17+00:00\",\"dateModified\":\"2026-05-02T07:17:02+00:00\",\"breadcrumb\":{\"@id\":\"https:\\\/\\\/demkohome.pl\\\/produkt\\\/szafka-kuchenna-dolna-z-szuflada-40-cm-dalia-biala\\\/#breadcrumb\"},\"inLanguage\":\"en-US\",\"potentialAction\":[{\"@type\":\"ReadAction\",\"target\":[\"https:\\\/\\\/demkohome.pl\\\/produkt\\\/szafka-kuchenna-dolna-z-szuflada-40-cm-dalia-biala\\\/\"]}]},{\"@type\":\"ImageObject\",\"inLanguage\":\"en-US\",\"@id\":\"https:\\\/\\\/demkohome.pl\\\/produkt\\\/szafka-kuchenna-dolna-z-szuflada-40-cm-dalia-biala\\\/#primaryimage\",\"url\":\"https:\\\/\\\/demkohome.pl\\\/wp-content\\\/uploads\\\/2023\\\/08\\\/Szafka-kuchenna-stojaca-40-cm-z-szuflada-i-drzwiczkami-Dalia-bialy-front-szary-korpus-szafka-dol-otwarta-Meble-Okmed-Demko.jpg\",\"contentUrl\":\"https:\\\/\\\/demkohome.pl\\\/wp-content\\\/uploads\\\/2023\\\/08\\\/Szafka-kuchenna-stojaca-40-cm-z-szuflada-i-drzwiczkami-Dalia-bialy-front-szary-korpus-szafka-dol-otwarta-Meble-Okmed-Demko.jpg\",\"width\":1024,\"height\":1024,\"caption\":\"Szafka kuchenna stojaca 40 cm z szuflada i drzwiczkami Dalia bialy front szary korpus szafka dol otwarta Meble Okmed Demko\"},{\"@type\":\"BreadcrumbList\",\"@id\":\"https:\\\/\\\/demkohome.pl\\\/produkt\\\/szafka-kuchenna-dolna-z-szuflada-40-cm-dalia-biala\\\/#breadcrumb\",\"itemListElement\":[{\"@type\":\"ListItem\",\"position\":1,\"name\":\"Strona g\u0142\u00f3wna\",\"item\":\"https:\\\/\\\/demkohome.pl\\\/\"},{\"@type\":\"ListItem\",\"position\":2,\"name\":\"Sklep\",\"item\":\"https:\\\/\\\/demkohome.pl\\\/sklep\\\/\"},{\"@type\":\"ListItem\",\"position\":3,\"name\":\"Szafka kuchenna stoj\u0105ca 40 cm z szuflad\u0105 Dalia\"}]},{\"@type\":\"WebSite\",\"@id\":\"https:\\\/\\\/demkohome.pl\\\/#website\",\"url\":\"https:\\\/\\\/demkohome.pl\\\/\",\"name\":\"Demko Home\",\"description\":\"Make it simple\",\"publisher\":{\"@id\":\"https:\\\/\\\/demkohome.pl\\\/#organization\"},\"potentialAction\":[{\"@type\":\"SearchAction\",\"target\":{\"@type\":\"EntryPoint\",\"urlTemplate\":\"https:\\\/\\\/demkohome.pl\\\/?s={search_term_string}\"},\"query-input\":{\"@type\":\"PropertyValueSpecification\",\"valueRequired\":true,\"valueName\":\"search_term_string\"}}],\"inLanguage\":\"en-US\"},{\"@type\":\"Organization\",\"@id\":\"https:\\\/\\\/demkohome.pl\\\/#organization\",\"name\":\"Demko Home\",\"url\":\"https:\\\/\\\/demkohome.pl\\\/\",\"logo\":{\"@type\":\"ImageObject\",\"inLanguage\":\"en-US\",\"@id\":\"https:\\\/\\\/demkohome.pl\\\/#\\\/schema\\\/logo\\\/image\\\/\",\"url\":\"https:\\\/\\\/demkohome.pl\\\/wp-content\\\/uploads\\\/2026\\\/03\\\/cropped-3.png\",\"contentUrl\":\"https:\\\/\\\/demkohome.pl\\\/wp-content\\\/uploads\\\/2026\\\/03\\\/cropped-3.png\",\"width\":250,\"height\":63,\"caption\":\"Demko Home\"},\"image\":{\"@id\":\"https:\\\/\\\/demkohome.pl\\\/#\\\/schema\\\/logo\\\/image\\\/\"}}]}<\/script>\n<!-- \/ Yoast SEO plugin. -->","yoast_head_json":{"title":"Szafka kuchenna stoj\u0105ca 40 cm z szuflad\u0105 Dalia - Demko Home","robots":{"index":"index","follow":"follow","max-snippet":"max-snippet:-1","max-image-preview":"max-image-preview:large","max-video-preview":"max-video-preview:-1"},"canonical":"https:\/\/demkohome.pl\/en\/product\/szafka-kuchenna-dolna-z-szuflada-40-cm-dalia-biala\/","og_locale":"en_US","og_type":"article","og_title":"Szafka kuchenna stoj\u0105ca 40 cm z szuflad\u0105 Dalia - Demko Home","og_description":"Szafka kuchenna 40 cm z szuflad\u0105 i frontami w wysokim po\u0142ysku to praktyczne rozwi\u0105zanie, kt\u00f3re \u0142\u0105czy funkcjonalno\u015b\u0107 z nowoczesnym wygl\u0105dem. (...)","og_url":"https:\/\/demkohome.pl\/en\/product\/szafka-kuchenna-dolna-z-szuflada-40-cm-dalia-biala\/","og_site_name":"Demko Home","article_modified_time":"2026-05-02T07:17:02+00:00","og_image":[{"width":1024,"height":1024,"url":"https:\/\/demkohome.pl\/wp-content\/uploads\/2023\/08\/Szafka-kuchenna-stojaca-40-cm-z-szuflada-i-drzwiczkami-Dalia-bialy-front-szary-korpus-szafka-dol-otwarta-Meble-Okmed-Demko.jpg","type":"image\/jpeg"}],"twitter_card":"summary_large_image","twitter_misc":{"Est. reading time":"3 minutes"},"schema":{"@context":"https:\/\/schema.org","@graph":[{"@type":"WebPage","@id":"https:\/\/demkohome.pl\/produkt\/szafka-kuchenna-dolna-z-szuflada-40-cm-dalia-biala\/","url":"https:\/\/demkohome.pl\/produkt\/szafka-kuchenna-dolna-z-szuflada-40-cm-dalia-biala\/","name":"Szafka kuchenna stoj\u0105ca 40 cm z szuflad\u0105 Dalia - Demko Home","isPartOf":{"@id":"https:\/\/demkohome.pl\/#website"},"primaryImageOfPage":{"@id":"https:\/\/demkohome.pl\/produkt\/szafka-kuchenna-dolna-z-szuflada-40-cm-dalia-biala\/#primaryimage"},"image":{"@id":"https:\/\/demkohome.pl\/produkt\/szafka-kuchenna-dolna-z-szuflada-40-cm-dalia-biala\/#primaryimage"},"thumbnailUrl":"https:\/\/demkohome.pl\/wp-content\/uploads\/2023\/08\/Szafka-kuchenna-stojaca-40-cm-z-szuflada-i-drzwiczkami-Dalia-bialy-front-szary-korpus-szafka-dol-otwarta-Meble-Okmed-Demko.jpg","datePublished":"2024-04-09T09:57:17+00:00","dateModified":"2026-05-02T07:17:02+00:00","breadcrumb":{"@id":"https:\/\/demkohome.pl\/produkt\/szafka-kuchenna-dolna-z-szuflada-40-cm-dalia-biala\/#breadcrumb"},"inLanguage":"en-US","potentialAction":[{"@type":"ReadAction","target":["https:\/\/demkohome.pl\/produkt\/szafka-kuchenna-dolna-z-szuflada-40-cm-dalia-biala\/"]}]},{"@type":"ImageObject","inLanguage":"en-US","@id":"https:\/\/demkohome.pl\/produkt\/szafka-kuchenna-dolna-z-szuflada-40-cm-dalia-biala\/#primaryimage","url":"https:\/\/demkohome.pl\/wp-content\/uploads\/2023\/08\/Szafka-kuchenna-stojaca-40-cm-z-szuflada-i-drzwiczkami-Dalia-bialy-front-szary-korpus-szafka-dol-otwarta-Meble-Okmed-Demko.jpg","contentUrl":"https:\/\/demkohome.pl\/wp-content\/uploads\/2023\/08\/Szafka-kuchenna-stojaca-40-cm-z-szuflada-i-drzwiczkami-Dalia-bialy-front-szary-korpus-szafka-dol-otwarta-Meble-Okmed-Demko.jpg","width":1024,"height":1024,"caption":"Szafka kuchenna stojaca 40 cm z szuflada i drzwiczkami Dalia bialy front szary korpus szafka dol otwarta Meble Okmed Demko"},{"@type":"BreadcrumbList","@id":"https:\/\/demkohome.pl\/produkt\/szafka-kuchenna-dolna-z-szuflada-40-cm-dalia-biala\/#breadcrumb","itemListElement":[{"@type":"ListItem","position":1,"name":"Strona g\u0142\u00f3wna","item":"https:\/\/demkohome.pl\/"},{"@type":"ListItem","position":2,"name":"Sklep","item":"https:\/\/demkohome.pl\/sklep\/"},{"@type":"ListItem","position":3,"name":"Szafka kuchenna stoj\u0105ca 40 cm z szuflad\u0105 Dalia"}]},{"@type":"WebSite","@id":"https:\/\/demkohome.pl\/#website","url":"https:\/\/demkohome.pl\/","name":"Demko Home","description":"Make it simple","publisher":{"@id":"https:\/\/demkohome.pl\/#organization"},"potentialAction":[{"@type":"SearchAction","target":{"@type":"EntryPoint","urlTemplate":"https:\/\/demkohome.pl\/?s={search_term_string}"},"query-input":{"@type":"PropertyValueSpecification","valueRequired":true,"valueName":"search_term_string"}}],"inLanguage":"en-US"},{"@type":"Organization","@id":"https:\/\/demkohome.pl\/#organization","name":"Demko Home","url":"https:\/\/demkohome.pl\/","logo":{"@type":"ImageObject","inLanguage":"en-US","@id":"https:\/\/demkohome.pl\/#\/schema\/logo\/image\/","url":"https:\/\/demkohome.pl\/wp-content\/uploads\/2026\/03\/cropped-3.png","contentUrl":"https:\/\/demkohome.pl\/wp-content\/uploads\/2026\/03\/cropped-3.png","width":250,"height":63,"caption":"Demko Home"},"image":{"@id":"https:\/\/demkohome.pl\/#\/schema\/logo\/image\/"}}]}},"_links":{"self":[{"href":"https:\/\/demkohome.pl\/en\/wp-json\/wp\/v2\/product\/467","targetHints":{"allow":["GET"]}}],"collection":[{"href":"https:\/\/demkohome.pl\/en\/wp-json\/wp\/v2\/product"}],"about":[{"href":"https:\/\/demkohome.pl\/en\/wp-json\/wp\/v2\/types\/product"}],"replies":[{"embeddable":true,"href":"https:\/\/demkohome.pl\/en\/wp-json\/wp\/v2\/comments?post=467"}],"wp:featuredmedia":[{"embeddable":true,"href":"https:\/\/demkohome.pl\/en\/wp-json\/wp\/v2\/media\/10213"}],"wp:attachment":[{"href":"https:\/\/demkohome.pl\/en\/wp-json\/wp\/v2\/media?parent=467"}],"wp:term":[{"taxonomy":"product_brand","embeddable":true,"href":"https:\/\/demkohome.pl\/en\/wp-json\/wp\/v2\/product_brand?post=467"},{"taxonomy":"product_cat","embeddable":true,"href":"https:\/\/demkohome.pl\/en\/wp-json\/wp\/v2\/product_cat?post=467"},{"taxonomy":"product_tag","embeddable":true,"href":"https:\/\/demkohome.pl\/en\/wp-json\/wp\/v2\/product_tag?post=467"}],"curies":[{"name":"wp","href":"https:\/\/api.w.org\/{rel}","templated":true}]}}