{"id":754757,"date":"2026-04-21T14:22:37","date_gmt":"2026-04-21T12:22:37","guid":{"rendered":"https:\/\/demkohome.pl\/?post_type=product&#038;p=754757"},"modified":"2026-04-29T21:21:24","modified_gmt":"2026-04-29T19:21:24","slug":"szafka-kuchenna-gorna-60-cm-okap-roma","status":"publish","type":"product","link":"https:\/\/demkohome.pl\/en\/product\/szafka-kuchenna-gorna-60-cm-okap-roma\/","title":{"rendered":"Szafka kuchenna g\u00f3rna 60 cm Okap Roma"},"content":{"rendered":"<h3 data-start=\"0\" data-end=\"174\">Szafka kuchenna g\u00f3rna Roma 60 cm pod okap to funkcjonalny i estetyczny element zabudowy, kt\u00f3ry pozwala na eleganckie ukrycie okapu i zachowanie sp\u00f3jnego wygl\u0105du ca\u0142ej kuchni.<\/h3>\n<p data-start=\"176\" data-end=\"426\">Zosta\u0142a zaprojektowana z my\u015bl\u0105 o zabudowie urz\u0105dzenia wentylacyjnego, dzi\u0119ki czemu okap harmonijnie wtapia si\u0119 w lini\u0119 mebli, nie zaburzaj\u0105c estetyki wn\u0119trza. To rozwi\u0105zanie idealne dla os\u00f3b, kt\u00f3re ceni\u0105 minimalistyczny i uporz\u0105dkowany wygl\u0105d kuchni.<\/p>\n<p data-start=\"428\" data-end=\"634\">Front w dekorze jode\u0142ki stanowi charakterystyczny element kolekcji Roma, nadaj\u0105c szafce elegancki i nowoczesny charakter. Wyrazisty wz\u00f3r wprowadza do wn\u0119trza rytm i g\u0142\u0119bi\u0119, podkre\u015blaj\u0105c styl ca\u0142ej zabudowy.<\/p>\n<p data-start=\"636\" data-end=\"880\">Korpus dost\u0119pny w kolorze czarnym lub bia\u0142ym umo\u017cliwia dopasowanie szafki do r\u00f3\u017cnych aran\u017cacji \u2013 od minimalistycznych, przez loftowe, a\u017c po klasyczne kuchnie. Kontrastowe zestawienie kolorystyczne podkre\u015bla bry\u0142\u0119 mebla i nadaje mu wyrazisto\u015bci.<\/p>\n<p data-start=\"882\" data-end=\"1063\">Minimalistyczna forma oraz staranne wyko\u0144czenie sprawiaj\u0105, \u017ce szafka prezentuje si\u0119 lekko i estetycznie, jednocze\u015bnie pozostaj\u0105c solidnym i praktycznym elementem wyposa\u017cenia kuchni.<\/p>\n<p data-start=\"1065\" data-end=\"1202\" data-is-last-node=\"\" data-is-only-node=\"\"><strong>Roma 60 cm pod okap to idealne rozwi\u0105zanie dla os\u00f3b, kt\u00f3re chc\u0105 po\u0142\u0105czy\u0107 funkcjonalno\u015b\u0107 zabudowy z nowoczesnym i sp\u00f3jnym designem kuchni.<\/strong><\/p>\n<p><img loading=\"lazy\" decoding=\"async\" class=\"alignnone wp-image-752642 size-full\" src=\"https:\/\/demkohome.pl\/wp-content\/uploads\/2024\/07\/Kuchnia-Roma-200_72-Jodelka_-Czarny-scaled.jpg\" alt=\"\" width=\"2560\" height=\"1707\" srcset=\"https:\/\/demkohome.pl\/wp-content\/uploads\/2024\/07\/Kuchnia-Roma-200_72-Jodelka_-Czarny-scaled.jpg 2560w, https:\/\/demkohome.pl\/wp-content\/uploads\/2024\/07\/Kuchnia-Roma-200_72-Jodelka_-Czarny-300x200.jpg 300w, https:\/\/demkohome.pl\/wp-content\/uploads\/2024\/07\/Kuchnia-Roma-200_72-Jodelka_-Czarny-1024x683.jpg 1024w, https:\/\/demkohome.pl\/wp-content\/uploads\/2024\/07\/Kuchnia-Roma-200_72-Jodelka_-Czarny-768x512.jpg 768w, https:\/\/demkohome.pl\/wp-content\/uploads\/2024\/07\/Kuchnia-Roma-200_72-Jodelka_-Czarny-1536x1024.jpg 1536w, https:\/\/demkohome.pl\/wp-content\/uploads\/2024\/07\/Kuchnia-Roma-200_72-Jodelka_-Czarny-2048x1365.jpg 2048w, https:\/\/demkohome.pl\/wp-content\/uploads\/2024\/07\/Kuchnia-Roma-200_72-Jodelka_-Czarny-18x12.jpg 18w, https:\/\/demkohome.pl\/wp-content\/uploads\/2024\/07\/Kuchnia-Roma-200_72-Jodelka_-Czarny-600x400.jpg 600w\" sizes=\"auto, (max-width: 2560px) 100vw, 2560px\" \/><\/p>\n<p>&nbsp;<\/p>\n<h4 data-start=\"680\" data-end=\"734\"><span style=\"color: #000000;\">Product Dimensions:<\/span><\/h4>\n<table class=\"o-product-features\" role=\"presentation\">\n<tbody>\n<tr class=\"m-product-attr-row\">\n<th class=\"m-product-attr-row__name\" scope=\"row\">\n<h6>Produkt po z\u0142o\u017ceniu: szeroko\u015b\u0107 (w cm)<\/h6>\n<\/th>\n<td class=\"m-product-attr-row__value\">\n<h6>60<\/h6>\n<\/td>\n<\/tr>\n<tr class=\"m-product-attr-row\">\n<th class=\"m-product-attr-row__name\" scope=\"row\">\n<h6>Produkt po z\u0142o\u017ceniu: g\u0142\u0119boko\u015b\u0107 (w cm)<\/h6>\n<\/th>\n<td class=\"m-product-attr-row__value\">\n<h6>30<\/h6>\n<\/td>\n<\/tr>\n<tr class=\"m-product-attr-row\">\n<th class=\"m-product-attr-row__name\" scope=\"row\">\n<h6>Produkt po z\u0142o\u017ceniu: wysoko\u015b\u0107 (w cm)<\/h6>\n<\/th>\n<td class=\"m-product-attr-row__value\">\n<h6>36<\/h6>\n<\/td>\n<\/tr>\n<tr class=\"m-product-attr-row\">\n<th class=\"m-product-attr-row__name\" scope=\"row\">\n<h6>Produkt w opakowaniu: waga (w kg)<\/h6>\n<\/th>\n<td class=\"m-product-attr-row__value\">\n<h6>11<\/h6>\n<\/td>\n<\/tr>\n<\/tbody>\n<\/table>\n<p data-start=\"1065\" data-end=\"1202\" data-is-last-node=\"\" data-is-only-node=\"\"><strong><br \/>\n<img loading=\"lazy\" decoding=\"async\" class=\"alignleft wp-image-754758\" src=\"https:\/\/demkohome.pl\/wp-content\/uploads\/2026\/04\/81-cm-4000-x-2048-px-24-240x300.png\" alt=\"\" width=\"610\" height=\"763\" srcset=\"https:\/\/demkohome.pl\/wp-content\/uploads\/2026\/04\/81-cm-4000-x-2048-px-24-240x300.png 240w, https:\/\/demkohome.pl\/wp-content\/uploads\/2026\/04\/81-cm-4000-x-2048-px-24-819x1024.png 819w, https:\/\/demkohome.pl\/wp-content\/uploads\/2026\/04\/81-cm-4000-x-2048-px-24-768x960.png 768w, https:\/\/demkohome.pl\/wp-content\/uploads\/2026\/04\/81-cm-4000-x-2048-px-24-10x12.png 10w, https:\/\/demkohome.pl\/wp-content\/uploads\/2026\/04\/81-cm-4000-x-2048-px-24-300x375.png 300w, https:\/\/demkohome.pl\/wp-content\/uploads\/2026\/04\/81-cm-4000-x-2048-px-24-600x750.png 600w, https:\/\/demkohome.pl\/wp-content\/uploads\/2026\/04\/81-cm-4000-x-2048-px-24.png 1080w\" sizes=\"auto, (max-width: 610px) 100vw, 610px\" \/><br \/>\n<\/strong><\/p>","protected":false},"excerpt":{"rendered":"<p>Szafka kuchenna g\u00f3rna Roma 60 cm pod okap to funkcjonalny i estetyczny element zabudowy, kt\u00f3ry pozwala na eleganckie ukrycie okapu (&#8230;)<\/p>","protected":false},"featured_media":754764,"comment_status":"open","ping_status":"closed","template":"","meta":{"_acf_changed":false,"inline_featured_image":false},"product_brand":[],"product_cat":[297,140,111,300,65,321,304,317,106,109],"product_tag":[],"class_list":{"0":"post-754757","1":"product","2":"type-product","3":"status-publish","4":"has-post-thumbnail","6":"product_cat-kolekcje","7":"product_cat-kuchnia","8":"product_cat-kuchnie-modulowe","9":"product_cat-meble-kuchenne-meble","10":"product_cat-meble-kuchenne","11":"product_cat-roma-zestawy-mebli-kuchennych-meble-kuchenne-meble","12":"product_cat-roma","13":"product_cat-szafki-meble-kuchenne-meble","14":"product_cat-szafki-kuchenne","15":"product_cat-szafki-kuchenne-narozne","16":"product_shipping_class-przesylka-dpd-15-pln","18":"first","19":"outofstock","20":"shipping-taxable","21":"purchasable","22":"product-type-variable","23":"has-default-attributes"},"acf":[],"yoast_head":"<!-- This site is optimized with the Yoast SEO plugin v27.4 - https:\/\/yoast.com\/product\/yoast-seo-wordpress\/ -->\n<title>Szafka kuchenna g\u00f3rna 60 cm Okap Roma - Demko Home<\/title>\n<meta name=\"robots\" content=\"index, follow, max-snippet:-1, max-image-preview:large, max-video-preview:-1\" \/>\n<link rel=\"canonical\" href=\"https:\/\/demkohome.pl\/en\/product\/szafka-kuchenna-gorna-60-cm-okap-roma\/\" \/>\n<meta property=\"og:locale\" content=\"en_US\" \/>\n<meta property=\"og:type\" content=\"article\" \/>\n<meta property=\"og:title\" content=\"Szafka kuchenna g\u00f3rna 60 cm Okap Roma - Demko Home\" \/>\n<meta property=\"og:description\" content=\"Szafka kuchenna g\u00f3rna Roma 60 cm pod okap to funkcjonalny i estetyczny element zabudowy, kt\u00f3ry pozwala na eleganckie ukrycie okapu (...)\" \/>\n<meta property=\"og:url\" content=\"https:\/\/demkohome.pl\/en\/product\/szafka-kuchenna-gorna-60-cm-okap-roma\/\" \/>\n<meta property=\"og:site_name\" content=\"Demko Home\" \/>\n<meta property=\"article:modified_time\" content=\"2026-04-29T19:21:24+00:00\" \/>\n<meta property=\"og:image\" content=\"https:\/\/demkohome.pl\/wp-content\/uploads\/2026\/04\/Sz.-kuch.-ROMA-Gora-60_36-Jodelka_Czarny.jpg\" \/>\n\t<meta property=\"og:image:width\" content=\"2560\" \/>\n\t<meta property=\"og:image:height\" content=\"1707\" \/>\n\t<meta property=\"og:image:type\" content=\"image\/jpeg\" \/>\n<meta name=\"twitter:card\" content=\"summary_large_image\" \/>\n<meta name=\"twitter:label1\" content=\"Est. reading time\" \/>\n\t<meta name=\"twitter:data1\" content=\"2 minutes\" \/>\n<script type=\"application\/ld+json\" class=\"yoast-schema-graph\">{\"@context\":\"https:\\\/\\\/schema.org\",\"@graph\":[{\"@type\":\"WebPage\",\"@id\":\"https:\\\/\\\/demkohome.pl\\\/produkt\\\/szafka-kuchenna-gorna-60-cm-okap-roma\\\/\",\"url\":\"https:\\\/\\\/demkohome.pl\\\/produkt\\\/szafka-kuchenna-gorna-60-cm-okap-roma\\\/\",\"name\":\"Szafka kuchenna g\u00f3rna 60 cm Okap Roma - Demko Home\",\"isPartOf\":{\"@id\":\"https:\\\/\\\/demkohome.pl\\\/#website\"},\"primaryImageOfPage\":{\"@id\":\"https:\\\/\\\/demkohome.pl\\\/produkt\\\/szafka-kuchenna-gorna-60-cm-okap-roma\\\/#primaryimage\"},\"image\":{\"@id\":\"https:\\\/\\\/demkohome.pl\\\/produkt\\\/szafka-kuchenna-gorna-60-cm-okap-roma\\\/#primaryimage\"},\"thumbnailUrl\":\"https:\\\/\\\/demkohome.pl\\\/wp-content\\\/uploads\\\/2026\\\/04\\\/Sz.-kuch.-ROMA-Gora-60_36-Jodelka_Czarny.jpg\",\"datePublished\":\"2026-04-21T12:22:37+00:00\",\"dateModified\":\"2026-04-29T19:21:24+00:00\",\"breadcrumb\":{\"@id\":\"https:\\\/\\\/demkohome.pl\\\/produkt\\\/szafka-kuchenna-gorna-60-cm-okap-roma\\\/#breadcrumb\"},\"inLanguage\":\"en-US\",\"potentialAction\":[{\"@type\":\"ReadAction\",\"target\":[\"https:\\\/\\\/demkohome.pl\\\/produkt\\\/szafka-kuchenna-gorna-60-cm-okap-roma\\\/\"]}]},{\"@type\":\"ImageObject\",\"inLanguage\":\"en-US\",\"@id\":\"https:\\\/\\\/demkohome.pl\\\/produkt\\\/szafka-kuchenna-gorna-60-cm-okap-roma\\\/#primaryimage\",\"url\":\"https:\\\/\\\/demkohome.pl\\\/wp-content\\\/uploads\\\/2026\\\/04\\\/Sz.-kuch.-ROMA-Gora-60_36-Jodelka_Czarny.jpg\",\"contentUrl\":\"https:\\\/\\\/demkohome.pl\\\/wp-content\\\/uploads\\\/2026\\\/04\\\/Sz.-kuch.-ROMA-Gora-60_36-Jodelka_Czarny.jpg\",\"width\":2560,\"height\":1707},{\"@type\":\"BreadcrumbList\",\"@id\":\"https:\\\/\\\/demkohome.pl\\\/produkt\\\/szafka-kuchenna-gorna-60-cm-okap-roma\\\/#breadcrumb\",\"itemListElement\":[{\"@type\":\"ListItem\",\"position\":1,\"name\":\"Strona g\u0142\u00f3wna\",\"item\":\"https:\\\/\\\/demkohome.pl\\\/\"},{\"@type\":\"ListItem\",\"position\":2,\"name\":\"Sklep\",\"item\":\"https:\\\/\\\/demkohome.pl\\\/sklep\\\/\"},{\"@type\":\"ListItem\",\"position\":3,\"name\":\"Szafka kuchenna g\u00f3rna 60 cm Okap Roma\"}]},{\"@type\":\"WebSite\",\"@id\":\"https:\\\/\\\/demkohome.pl\\\/#website\",\"url\":\"https:\\\/\\\/demkohome.pl\\\/\",\"name\":\"Demko Home\",\"description\":\"Make it simple\",\"publisher\":{\"@id\":\"https:\\\/\\\/demkohome.pl\\\/#organization\"},\"potentialAction\":[{\"@type\":\"SearchAction\",\"target\":{\"@type\":\"EntryPoint\",\"urlTemplate\":\"https:\\\/\\\/demkohome.pl\\\/?s={search_term_string}\"},\"query-input\":{\"@type\":\"PropertyValueSpecification\",\"valueRequired\":true,\"valueName\":\"search_term_string\"}}],\"inLanguage\":\"en-US\"},{\"@type\":\"Organization\",\"@id\":\"https:\\\/\\\/demkohome.pl\\\/#organization\",\"name\":\"Demko Home\",\"url\":\"https:\\\/\\\/demkohome.pl\\\/\",\"logo\":{\"@type\":\"ImageObject\",\"inLanguage\":\"en-US\",\"@id\":\"https:\\\/\\\/demkohome.pl\\\/#\\\/schema\\\/logo\\\/image\\\/\",\"url\":\"https:\\\/\\\/demkohome.pl\\\/wp-content\\\/uploads\\\/2026\\\/03\\\/cropped-3.png\",\"contentUrl\":\"https:\\\/\\\/demkohome.pl\\\/wp-content\\\/uploads\\\/2026\\\/03\\\/cropped-3.png\",\"width\":250,\"height\":63,\"caption\":\"Demko Home\"},\"image\":{\"@id\":\"https:\\\/\\\/demkohome.pl\\\/#\\\/schema\\\/logo\\\/image\\\/\"}}]}<\/script>\n<!-- \/ Yoast SEO plugin. -->","yoast_head_json":{"title":"Szafka kuchenna g\u00f3rna 60 cm Okap Roma - Demko Home","robots":{"index":"index","follow":"follow","max-snippet":"max-snippet:-1","max-image-preview":"max-image-preview:large","max-video-preview":"max-video-preview:-1"},"canonical":"https:\/\/demkohome.pl\/en\/product\/szafka-kuchenna-gorna-60-cm-okap-roma\/","og_locale":"en_US","og_type":"article","og_title":"Szafka kuchenna g\u00f3rna 60 cm Okap Roma - Demko Home","og_description":"Szafka kuchenna g\u00f3rna Roma 60 cm pod okap to funkcjonalny i estetyczny element zabudowy, kt\u00f3ry pozwala na eleganckie ukrycie okapu (...)","og_url":"https:\/\/demkohome.pl\/en\/product\/szafka-kuchenna-gorna-60-cm-okap-roma\/","og_site_name":"Demko Home","article_modified_time":"2026-04-29T19:21:24+00:00","og_image":[{"width":2560,"height":1707,"url":"https:\/\/demkohome.pl\/wp-content\/uploads\/2026\/04\/Sz.-kuch.-ROMA-Gora-60_36-Jodelka_Czarny.jpg","type":"image\/jpeg"}],"twitter_card":"summary_large_image","twitter_misc":{"Est. reading time":"2 minutes"},"schema":{"@context":"https:\/\/schema.org","@graph":[{"@type":"WebPage","@id":"https:\/\/demkohome.pl\/produkt\/szafka-kuchenna-gorna-60-cm-okap-roma\/","url":"https:\/\/demkohome.pl\/produkt\/szafka-kuchenna-gorna-60-cm-okap-roma\/","name":"Szafka kuchenna g\u00f3rna 60 cm Okap Roma - Demko Home","isPartOf":{"@id":"https:\/\/demkohome.pl\/#website"},"primaryImageOfPage":{"@id":"https:\/\/demkohome.pl\/produkt\/szafka-kuchenna-gorna-60-cm-okap-roma\/#primaryimage"},"image":{"@id":"https:\/\/demkohome.pl\/produkt\/szafka-kuchenna-gorna-60-cm-okap-roma\/#primaryimage"},"thumbnailUrl":"https:\/\/demkohome.pl\/wp-content\/uploads\/2026\/04\/Sz.-kuch.-ROMA-Gora-60_36-Jodelka_Czarny.jpg","datePublished":"2026-04-21T12:22:37+00:00","dateModified":"2026-04-29T19:21:24+00:00","breadcrumb":{"@id":"https:\/\/demkohome.pl\/produkt\/szafka-kuchenna-gorna-60-cm-okap-roma\/#breadcrumb"},"inLanguage":"en-US","potentialAction":[{"@type":"ReadAction","target":["https:\/\/demkohome.pl\/produkt\/szafka-kuchenna-gorna-60-cm-okap-roma\/"]}]},{"@type":"ImageObject","inLanguage":"en-US","@id":"https:\/\/demkohome.pl\/produkt\/szafka-kuchenna-gorna-60-cm-okap-roma\/#primaryimage","url":"https:\/\/demkohome.pl\/wp-content\/uploads\/2026\/04\/Sz.-kuch.-ROMA-Gora-60_36-Jodelka_Czarny.jpg","contentUrl":"https:\/\/demkohome.pl\/wp-content\/uploads\/2026\/04\/Sz.-kuch.-ROMA-Gora-60_36-Jodelka_Czarny.jpg","width":2560,"height":1707},{"@type":"BreadcrumbList","@id":"https:\/\/demkohome.pl\/produkt\/szafka-kuchenna-gorna-60-cm-okap-roma\/#breadcrumb","itemListElement":[{"@type":"ListItem","position":1,"name":"Strona g\u0142\u00f3wna","item":"https:\/\/demkohome.pl\/"},{"@type":"ListItem","position":2,"name":"Sklep","item":"https:\/\/demkohome.pl\/sklep\/"},{"@type":"ListItem","position":3,"name":"Szafka kuchenna g\u00f3rna 60 cm Okap Roma"}]},{"@type":"WebSite","@id":"https:\/\/demkohome.pl\/#website","url":"https:\/\/demkohome.pl\/","name":"Demko Home","description":"Make it simple","publisher":{"@id":"https:\/\/demkohome.pl\/#organization"},"potentialAction":[{"@type":"SearchAction","target":{"@type":"EntryPoint","urlTemplate":"https:\/\/demkohome.pl\/?s={search_term_string}"},"query-input":{"@type":"PropertyValueSpecification","valueRequired":true,"valueName":"search_term_string"}}],"inLanguage":"en-US"},{"@type":"Organization","@id":"https:\/\/demkohome.pl\/#organization","name":"Demko Home","url":"https:\/\/demkohome.pl\/","logo":{"@type":"ImageObject","inLanguage":"en-US","@id":"https:\/\/demkohome.pl\/#\/schema\/logo\/image\/","url":"https:\/\/demkohome.pl\/wp-content\/uploads\/2026\/03\/cropped-3.png","contentUrl":"https:\/\/demkohome.pl\/wp-content\/uploads\/2026\/03\/cropped-3.png","width":250,"height":63,"caption":"Demko Home"},"image":{"@id":"https:\/\/demkohome.pl\/#\/schema\/logo\/image\/"}}]}},"_links":{"self":[{"href":"https:\/\/demkohome.pl\/en\/wp-json\/wp\/v2\/product\/754757","targetHints":{"allow":["GET"]}}],"collection":[{"href":"https:\/\/demkohome.pl\/en\/wp-json\/wp\/v2\/product"}],"about":[{"href":"https:\/\/demkohome.pl\/en\/wp-json\/wp\/v2\/types\/product"}],"replies":[{"embeddable":true,"href":"https:\/\/demkohome.pl\/en\/wp-json\/wp\/v2\/comments?post=754757"}],"wp:featuredmedia":[{"embeddable":true,"href":"https:\/\/demkohome.pl\/en\/wp-json\/wp\/v2\/media\/754764"}],"wp:attachment":[{"href":"https:\/\/demkohome.pl\/en\/wp-json\/wp\/v2\/media?parent=754757"}],"wp:term":[{"taxonomy":"product_brand","embeddable":true,"href":"https:\/\/demkohome.pl\/en\/wp-json\/wp\/v2\/product_brand?post=754757"},{"taxonomy":"product_cat","embeddable":true,"href":"https:\/\/demkohome.pl\/en\/wp-json\/wp\/v2\/product_cat?post=754757"},{"taxonomy":"product_tag","embeddable":true,"href":"https:\/\/demkohome.pl\/en\/wp-json\/wp\/v2\/product_tag?post=754757"}],"curies":[{"name":"wp","href":"https:\/\/api.w.org\/{rel}","templated":true}]}}