{"id":760196,"date":"2026-04-24T10:40:45","date_gmt":"2026-04-24T08:40:45","guid":{"rendered":"https:\/\/demkohome.pl\/?post_type=product&#038;p=760196"},"modified":"2026-04-29T21:21:20","modified_gmt":"2026-04-29T19:21:20","slug":"zestaw-kuchenny-rita","status":"publish","type":"product","link":"https:\/\/demkohome.pl\/en\/product\/zestaw-kuchenny-rita\/","title":{"rendered":"Zestaw kuchenny Rita"},"content":{"rendered":"<h3 data-start=\"0\" data-end=\"271\">Zestaw kuchenny Rita to nowoczesna i funkcjonalna propozycja, stworzona z my\u015bl\u0105 o wygodnym i estetycznym zagospodarowaniu przestrzeni kuchennej. Dzi\u0119ki kompaktowej, ale dobrze przemy\u015blanej konstrukcji doskonale sprawdzi si\u0119 zar\u00f3wno w mniejszych, jak i \u015brednich wn\u0119trzach.<\/h3>\n<p data-start=\"273\" data-end=\"319\">W sk\u0142ad zestawu wchodzi 5 praktycznych szafek:<\/p>\n<ul data-start=\"320\" data-end=\"473\">\n<li data-section-id=\"1b79kba\" data-start=\"320\" data-end=\"344\">szafka wisz\u0105ca 40 cm<\/li>\n<li data-section-id=\"1g694zu\" data-start=\"345\" data-end=\"370\">szafka pod okap 60 cm<\/li>\n<li data-section-id=\"wsr8re\" data-start=\"371\" data-end=\"395\">szafka wisz\u0105ca 80 cm<\/li>\n<li data-section-id=\"1jppbuk\" data-start=\"396\" data-end=\"440\">szafka stoj\u0105ca 40 cm z dwiema szufladami<\/li>\n<li data-section-id=\"fwc50y\" data-start=\"441\" data-end=\"473\">szafka stoj\u0105ca zlewowa 80 cm<\/li>\n<\/ul>\n<p data-start=\"475\" data-end=\"627\">Taki uk\u0142ad zapewnia wygodn\u0105 organizacj\u0119 przestrzeni roboczej oraz odpowiedni\u0105 ilo\u015b\u0107 miejsca do przechowywania najpotrzebniejszych akcesori\u00f3w kuchennych.<\/p>\n<p data-start=\"629\" data-end=\"937\">Fronty w dekorze<strong> Wotan oak<\/strong> and <strong>Ribbeck oak<\/strong> wyr\u00f3\u017cniaj\u0105 si\u0119 naturalnym wygl\u0105dem i wyra\u017anym us\u0142ojeniem, kt\u00f3re wprowadza do wn\u0119trza ciep\u0142o i przytulny charakter. Ich uniwersalna kolorystyka doskonale komponuje si\u0119 z r\u00f3\u017cnymi stylami aran\u017cacyjnymi \u2013 <strong>od nowoczesnych, przez skandynawskie, a\u017c po bardziej klasyczne.<\/strong><\/p>\n<p data-start=\"939\" data-end=\"1103\">Korpus w kolorze bia\u0142ym nadaje ca\u0142o\u015bci lekko\u015bci i \u015bwie\u017co\u015bci, a jednocze\u015bnie tworzy elegancki kontrast z drewnianymi frontami, podkre\u015blaj\u0105c nowoczesn\u0105 form\u0119 zestawu.<\/p>\n<p data-start=\"1105\" data-end=\"1315\" data-is-last-node=\"\" data-is-only-node=\"\"><strong>Minimalistyczna bry\u0142a, staranne wykonanie oraz funkcjonalno\u015b\u0107 sprawiaj\u0105, \u017ce zestaw Rita to idealne rozwi\u0105zanie dla os\u00f3b poszukuj\u0105cych kompaktowej, estetycznej i wygodnej w u\u017cytkowaniu kuchni gotowej do monta\u017cu.<\/strong><\/p>\n<p><img loading=\"lazy\" decoding=\"async\" class=\"alignnone wp-image-760776 size-full\" src=\"https:\/\/demkohome.pl\/wp-content\/uploads\/2026\/04\/Seg.-kuch.-RITA-180_72-Wotan_Bialy_SM_FSC-1920.jpg\" alt=\"\" width=\"1920\" height=\"1281\" srcset=\"https:\/\/demkohome.pl\/wp-content\/uploads\/2026\/04\/Seg.-kuch.-RITA-180_72-Wotan_Bialy_SM_FSC-1920.jpg 1920w, https:\/\/demkohome.pl\/wp-content\/uploads\/2026\/04\/Seg.-kuch.-RITA-180_72-Wotan_Bialy_SM_FSC-1920-300x200.jpg 300w, https:\/\/demkohome.pl\/wp-content\/uploads\/2026\/04\/Seg.-kuch.-RITA-180_72-Wotan_Bialy_SM_FSC-1920-1024x683.jpg 1024w, https:\/\/demkohome.pl\/wp-content\/uploads\/2026\/04\/Seg.-kuch.-RITA-180_72-Wotan_Bialy_SM_FSC-1920-768x512.jpg 768w, https:\/\/demkohome.pl\/wp-content\/uploads\/2026\/04\/Seg.-kuch.-RITA-180_72-Wotan_Bialy_SM_FSC-1920-1536x1025.jpg 1536w, https:\/\/demkohome.pl\/wp-content\/uploads\/2026\/04\/Seg.-kuch.-RITA-180_72-Wotan_Bialy_SM_FSC-1920-18x12.jpg 18w, https:\/\/demkohome.pl\/wp-content\/uploads\/2026\/04\/Seg.-kuch.-RITA-180_72-Wotan_Bialy_SM_FSC-1920-600x400.jpg 600w\" sizes=\"auto, (max-width: 1920px) 100vw, 1920px\" \/><\/p>\n<p>&nbsp;<\/p>\n<h4 data-start=\"680\" data-end=\"734\"><span style=\"color: #000000;\">Product Dimensions:<\/span><\/h4>\n<table class=\"o-product-features\" role=\"presentation\">\n<tbody>\n<tr class=\"m-product-attr-row\">\n<th class=\"m-product-attr-row__name\" scope=\"row\">\n<h6>Produkt po z\u0142o\u017ceniu: szeroko\u015b\u0107 (w cm)<\/h6>\n<\/th>\n<td class=\"m-product-attr-row__value\">\n<h6>180<\/h6>\n<\/td>\n<\/tr>\n<tr class=\"m-product-attr-row\">\n<th class=\"m-product-attr-row__name\" scope=\"row\">\n<h6>Produkt po z\u0142o\u017ceniu: g\u0142\u0119boko\u015b\u0107 (w cm)<\/h6>\n<\/th>\n<td class=\"m-product-attr-row__value\">\n<h6>45<\/h6>\n<\/td>\n<\/tr>\n<tr class=\"m-product-attr-row\">\n<th class=\"m-product-attr-row__name\" scope=\"row\">\n<h6>Produkt po z\u0142o\u017ceniu: wysoko\u015b\u0107 (w cm)<\/h6>\n<\/th>\n<td class=\"m-product-attr-row__value\">\n<h6>200<\/h6>\n<\/td>\n<\/tr>\n<tr class=\"m-product-attr-row\">\n<th class=\"m-product-attr-row__name\" scope=\"row\">\n<h6>Produkt w opakowaniu: waga (w kg)<\/h6>\n<\/th>\n<td class=\"m-product-attr-row__value\">\n<h6>82<\/h6>\n<\/td>\n<\/tr>\n<\/tbody>\n<\/table>\n<p><img loading=\"lazy\" decoding=\"async\" class=\"alignleft wp-image-760618\" src=\"https:\/\/demkohome.pl\/wp-content\/uploads\/2026\/04\/dalia-zwykle-szafki-20-300x300.png\" alt=\"\" width=\"610\" height=\"610\" srcset=\"https:\/\/demkohome.pl\/wp-content\/uploads\/2026\/04\/dalia-zwykle-szafki-20-300x300.png 300w, https:\/\/demkohome.pl\/wp-content\/uploads\/2026\/04\/dalia-zwykle-szafki-20-1024x1024.png 1024w, https:\/\/demkohome.pl\/wp-content\/uploads\/2026\/04\/dalia-zwykle-szafki-20-150x150.png 150w, https:\/\/demkohome.pl\/wp-content\/uploads\/2026\/04\/dalia-zwykle-szafki-20-768x768.png 768w, https:\/\/demkohome.pl\/wp-content\/uploads\/2026\/04\/dalia-zwykle-szafki-20-1536x1536.png 1536w, https:\/\/demkohome.pl\/wp-content\/uploads\/2026\/04\/dalia-zwykle-szafki-20-12x12.png 12w, https:\/\/demkohome.pl\/wp-content\/uploads\/2026\/04\/dalia-zwykle-szafki-20-600x600.png 600w, https:\/\/demkohome.pl\/wp-content\/uploads\/2026\/04\/dalia-zwykle-szafki-20-100x100.png 100w, https:\/\/demkohome.pl\/wp-content\/uploads\/2026\/04\/dalia-zwykle-szafki-20.png 2048w\" sizes=\"auto, (max-width: 610px) 100vw, 610px\" \/><\/p>","protected":false},"excerpt":{"rendered":"<p>Zestaw kuchenny Rita to nowoczesna i funkcjonalna propozycja, stworzona z my\u015bl\u0105 o wygodnym i estetycznym zagospodarowaniu przestrzeni kuchennej. Dzi\u0119ki kompaktowej, (&#8230;)<\/p>","protected":false},"featured_media":760776,"comment_status":"open","ping_status":"closed","template":"","meta":{"_acf_changed":false,"inline_featured_image":false},"product_brand":[],"product_cat":[297,302,140,111,65,300,139,118,301,110],"product_tag":[],"class_list":{"0":"post-760196","1":"product","2":"type-product","3":"status-publish","4":"has-post-thumbnail","6":"product_cat-kolekcje","7":"product_cat-kuchnia-pomieszczenia","8":"product_cat-kuchnia","9":"product_cat-kuchnie-modulowe","10":"product_cat-meble-kuchenne","11":"product_cat-meble-kuchenne-meble","12":"product_cat-pomieszczenia","13":"product_cat-rita","14":"product_cat-zestawy-mebli-kuchennych-meble-kuchenne-meble","15":"product_cat-zestawy-mebli-kuchennych","16":"product_shipping_class-paleta-175cm-x-80cm","17":"collection-rita","19":"first","20":"outofstock","21":"shipping-taxable","22":"purchasable","23":"product-type-variable","24":"has-default-attributes"},"acf":[],"yoast_head":"<!-- This site is optimized with the Yoast SEO plugin v27.4 - https:\/\/yoast.com\/product\/yoast-seo-wordpress\/ -->\n<title>Zestaw kuchenny Rita - Demko Home<\/title>\n<meta name=\"robots\" content=\"index, follow, max-snippet:-1, max-image-preview:large, max-video-preview:-1\" \/>\n<link rel=\"canonical\" href=\"https:\/\/demkohome.pl\/en\/product\/zestaw-kuchenny-rita\/\" \/>\n<meta property=\"og:locale\" content=\"en_US\" \/>\n<meta property=\"og:type\" content=\"article\" \/>\n<meta property=\"og:title\" content=\"Zestaw kuchenny Rita - Demko Home\" \/>\n<meta property=\"og:description\" content=\"Zestaw kuchenny Rita to nowoczesna i funkcjonalna propozycja, stworzona z my\u015bl\u0105 o wygodnym i estetycznym zagospodarowaniu przestrzeni kuchennej. Dzi\u0119ki kompaktowej, (...)\" \/>\n<meta property=\"og:url\" content=\"https:\/\/demkohome.pl\/en\/product\/zestaw-kuchenny-rita\/\" \/>\n<meta property=\"og:site_name\" content=\"Demko Home\" \/>\n<meta property=\"article:modified_time\" content=\"2026-04-29T19:21:20+00:00\" \/>\n<meta property=\"og:image\" content=\"https:\/\/demkohome.pl\/wp-content\/uploads\/2026\/04\/Seg.-kuch.-RITA-180_72-Wotan_Bialy_SM_FSC-1920.jpg\" \/>\n\t<meta property=\"og:image:width\" content=\"1920\" \/>\n\t<meta property=\"og:image:height\" content=\"1281\" \/>\n\t<meta property=\"og:image:type\" content=\"image\/jpeg\" \/>\n<meta name=\"twitter:card\" content=\"summary_large_image\" \/>\n<meta name=\"twitter:label1\" content=\"Est. reading time\" \/>\n\t<meta name=\"twitter:data1\" content=\"3 minutes\" \/>\n<script type=\"application\/ld+json\" class=\"yoast-schema-graph\">{\"@context\":\"https:\\\/\\\/schema.org\",\"@graph\":[{\"@type\":\"WebPage\",\"@id\":\"https:\\\/\\\/demkohome.pl\\\/produkt\\\/zestaw-kuchenny-rita\\\/\",\"url\":\"https:\\\/\\\/demkohome.pl\\\/produkt\\\/zestaw-kuchenny-rita\\\/\",\"name\":\"Zestaw kuchenny Rita - Demko Home\",\"isPartOf\":{\"@id\":\"https:\\\/\\\/demkohome.pl\\\/#website\"},\"primaryImageOfPage\":{\"@id\":\"https:\\\/\\\/demkohome.pl\\\/produkt\\\/zestaw-kuchenny-rita\\\/#primaryimage\"},\"image\":{\"@id\":\"https:\\\/\\\/demkohome.pl\\\/produkt\\\/zestaw-kuchenny-rita\\\/#primaryimage\"},\"thumbnailUrl\":\"https:\\\/\\\/demkohome.pl\\\/wp-content\\\/uploads\\\/2026\\\/04\\\/Seg.-kuch.-RITA-180_72-Wotan_Bialy_SM_FSC-1920.jpg\",\"datePublished\":\"2026-04-24T08:40:45+00:00\",\"dateModified\":\"2026-04-29T19:21:20+00:00\",\"breadcrumb\":{\"@id\":\"https:\\\/\\\/demkohome.pl\\\/produkt\\\/zestaw-kuchenny-rita\\\/#breadcrumb\"},\"inLanguage\":\"en-US\",\"potentialAction\":[{\"@type\":\"ReadAction\",\"target\":[\"https:\\\/\\\/demkohome.pl\\\/produkt\\\/zestaw-kuchenny-rita\\\/\"]}]},{\"@type\":\"ImageObject\",\"inLanguage\":\"en-US\",\"@id\":\"https:\\\/\\\/demkohome.pl\\\/produkt\\\/zestaw-kuchenny-rita\\\/#primaryimage\",\"url\":\"https:\\\/\\\/demkohome.pl\\\/wp-content\\\/uploads\\\/2026\\\/04\\\/Seg.-kuch.-RITA-180_72-Wotan_Bialy_SM_FSC-1920.jpg\",\"contentUrl\":\"https:\\\/\\\/demkohome.pl\\\/wp-content\\\/uploads\\\/2026\\\/04\\\/Seg.-kuch.-RITA-180_72-Wotan_Bialy_SM_FSC-1920.jpg\",\"width\":1920,\"height\":1281},{\"@type\":\"BreadcrumbList\",\"@id\":\"https:\\\/\\\/demkohome.pl\\\/produkt\\\/zestaw-kuchenny-rita\\\/#breadcrumb\",\"itemListElement\":[{\"@type\":\"ListItem\",\"position\":1,\"name\":\"Strona g\u0142\u00f3wna\",\"item\":\"https:\\\/\\\/demkohome.pl\\\/\"},{\"@type\":\"ListItem\",\"position\":2,\"name\":\"Sklep\",\"item\":\"https:\\\/\\\/demkohome.pl\\\/sklep\\\/\"},{\"@type\":\"ListItem\",\"position\":3,\"name\":\"Zestaw kuchenny Rita\"}]},{\"@type\":\"WebSite\",\"@id\":\"https:\\\/\\\/demkohome.pl\\\/#website\",\"url\":\"https:\\\/\\\/demkohome.pl\\\/\",\"name\":\"Demko Home\",\"description\":\"Make it simple\",\"publisher\":{\"@id\":\"https:\\\/\\\/demkohome.pl\\\/#organization\"},\"potentialAction\":[{\"@type\":\"SearchAction\",\"target\":{\"@type\":\"EntryPoint\",\"urlTemplate\":\"https:\\\/\\\/demkohome.pl\\\/?s={search_term_string}\"},\"query-input\":{\"@type\":\"PropertyValueSpecification\",\"valueRequired\":true,\"valueName\":\"search_term_string\"}}],\"inLanguage\":\"en-US\"},{\"@type\":\"Organization\",\"@id\":\"https:\\\/\\\/demkohome.pl\\\/#organization\",\"name\":\"Demko Home\",\"url\":\"https:\\\/\\\/demkohome.pl\\\/\",\"logo\":{\"@type\":\"ImageObject\",\"inLanguage\":\"en-US\",\"@id\":\"https:\\\/\\\/demkohome.pl\\\/#\\\/schema\\\/logo\\\/image\\\/\",\"url\":\"https:\\\/\\\/demkohome.pl\\\/wp-content\\\/uploads\\\/2026\\\/03\\\/cropped-3.png\",\"contentUrl\":\"https:\\\/\\\/demkohome.pl\\\/wp-content\\\/uploads\\\/2026\\\/03\\\/cropped-3.png\",\"width\":250,\"height\":63,\"caption\":\"Demko Home\"},\"image\":{\"@id\":\"https:\\\/\\\/demkohome.pl\\\/#\\\/schema\\\/logo\\\/image\\\/\"}}]}<\/script>\n<!-- \/ Yoast SEO plugin. -->","yoast_head_json":{"title":"Zestaw kuchenny Rita - Demko Home","robots":{"index":"index","follow":"follow","max-snippet":"max-snippet:-1","max-image-preview":"max-image-preview:large","max-video-preview":"max-video-preview:-1"},"canonical":"https:\/\/demkohome.pl\/en\/product\/zestaw-kuchenny-rita\/","og_locale":"en_US","og_type":"article","og_title":"Zestaw kuchenny Rita - Demko Home","og_description":"Zestaw kuchenny Rita to nowoczesna i funkcjonalna propozycja, stworzona z my\u015bl\u0105 o wygodnym i estetycznym zagospodarowaniu przestrzeni kuchennej. Dzi\u0119ki kompaktowej, (...)","og_url":"https:\/\/demkohome.pl\/en\/product\/zestaw-kuchenny-rita\/","og_site_name":"Demko Home","article_modified_time":"2026-04-29T19:21:20+00:00","og_image":[{"width":1920,"height":1281,"url":"https:\/\/demkohome.pl\/wp-content\/uploads\/2026\/04\/Seg.-kuch.-RITA-180_72-Wotan_Bialy_SM_FSC-1920.jpg","type":"image\/jpeg"}],"twitter_card":"summary_large_image","twitter_misc":{"Est. reading time":"3 minutes"},"schema":{"@context":"https:\/\/schema.org","@graph":[{"@type":"WebPage","@id":"https:\/\/demkohome.pl\/produkt\/zestaw-kuchenny-rita\/","url":"https:\/\/demkohome.pl\/produkt\/zestaw-kuchenny-rita\/","name":"Zestaw kuchenny Rita - Demko Home","isPartOf":{"@id":"https:\/\/demkohome.pl\/#website"},"primaryImageOfPage":{"@id":"https:\/\/demkohome.pl\/produkt\/zestaw-kuchenny-rita\/#primaryimage"},"image":{"@id":"https:\/\/demkohome.pl\/produkt\/zestaw-kuchenny-rita\/#primaryimage"},"thumbnailUrl":"https:\/\/demkohome.pl\/wp-content\/uploads\/2026\/04\/Seg.-kuch.-RITA-180_72-Wotan_Bialy_SM_FSC-1920.jpg","datePublished":"2026-04-24T08:40:45+00:00","dateModified":"2026-04-29T19:21:20+00:00","breadcrumb":{"@id":"https:\/\/demkohome.pl\/produkt\/zestaw-kuchenny-rita\/#breadcrumb"},"inLanguage":"en-US","potentialAction":[{"@type":"ReadAction","target":["https:\/\/demkohome.pl\/produkt\/zestaw-kuchenny-rita\/"]}]},{"@type":"ImageObject","inLanguage":"en-US","@id":"https:\/\/demkohome.pl\/produkt\/zestaw-kuchenny-rita\/#primaryimage","url":"https:\/\/demkohome.pl\/wp-content\/uploads\/2026\/04\/Seg.-kuch.-RITA-180_72-Wotan_Bialy_SM_FSC-1920.jpg","contentUrl":"https:\/\/demkohome.pl\/wp-content\/uploads\/2026\/04\/Seg.-kuch.-RITA-180_72-Wotan_Bialy_SM_FSC-1920.jpg","width":1920,"height":1281},{"@type":"BreadcrumbList","@id":"https:\/\/demkohome.pl\/produkt\/zestaw-kuchenny-rita\/#breadcrumb","itemListElement":[{"@type":"ListItem","position":1,"name":"Strona g\u0142\u00f3wna","item":"https:\/\/demkohome.pl\/"},{"@type":"ListItem","position":2,"name":"Sklep","item":"https:\/\/demkohome.pl\/sklep\/"},{"@type":"ListItem","position":3,"name":"Zestaw kuchenny Rita"}]},{"@type":"WebSite","@id":"https:\/\/demkohome.pl\/#website","url":"https:\/\/demkohome.pl\/","name":"Demko Home","description":"Make it simple","publisher":{"@id":"https:\/\/demkohome.pl\/#organization"},"potentialAction":[{"@type":"SearchAction","target":{"@type":"EntryPoint","urlTemplate":"https:\/\/demkohome.pl\/?s={search_term_string}"},"query-input":{"@type":"PropertyValueSpecification","valueRequired":true,"valueName":"search_term_string"}}],"inLanguage":"en-US"},{"@type":"Organization","@id":"https:\/\/demkohome.pl\/#organization","name":"Demko Home","url":"https:\/\/demkohome.pl\/","logo":{"@type":"ImageObject","inLanguage":"en-US","@id":"https:\/\/demkohome.pl\/#\/schema\/logo\/image\/","url":"https:\/\/demkohome.pl\/wp-content\/uploads\/2026\/03\/cropped-3.png","contentUrl":"https:\/\/demkohome.pl\/wp-content\/uploads\/2026\/03\/cropped-3.png","width":250,"height":63,"caption":"Demko Home"},"image":{"@id":"https:\/\/demkohome.pl\/#\/schema\/logo\/image\/"}}]}},"_links":{"self":[{"href":"https:\/\/demkohome.pl\/en\/wp-json\/wp\/v2\/product\/760196","targetHints":{"allow":["GET"]}}],"collection":[{"href":"https:\/\/demkohome.pl\/en\/wp-json\/wp\/v2\/product"}],"about":[{"href":"https:\/\/demkohome.pl\/en\/wp-json\/wp\/v2\/types\/product"}],"replies":[{"embeddable":true,"href":"https:\/\/demkohome.pl\/en\/wp-json\/wp\/v2\/comments?post=760196"}],"wp:featuredmedia":[{"embeddable":true,"href":"https:\/\/demkohome.pl\/en\/wp-json\/wp\/v2\/media\/760776"}],"wp:attachment":[{"href":"https:\/\/demkohome.pl\/en\/wp-json\/wp\/v2\/media?parent=760196"}],"wp:term":[{"taxonomy":"product_brand","embeddable":true,"href":"https:\/\/demkohome.pl\/en\/wp-json\/wp\/v2\/product_brand?post=760196"},{"taxonomy":"product_cat","embeddable":true,"href":"https:\/\/demkohome.pl\/en\/wp-json\/wp\/v2\/product_cat?post=760196"},{"taxonomy":"product_tag","embeddable":true,"href":"https:\/\/demkohome.pl\/en\/wp-json\/wp\/v2\/product_tag?post=760196"}],"curies":[{"name":"wp","href":"https:\/\/api.w.org\/{rel}","templated":true}]}}